{"id":27528,"date":"2025-04-28T19:53:01","date_gmt":"2025-04-28T17:53:01","guid":{"rendered":"https:\/\/www.juescha.de\/shop\/unkategorisiert\/tagungsmappe-a4-arezzo-i\/"},"modified":"2026-01-21T08:49:16","modified_gmt":"2026-01-21T07:49:16","slug":"tagungsmappe-a4-arezzo-i","status":"publish","type":"product","link":"https:\/\/www.juescha.de\/de_de\/shop\/alassio\/tagungsmappe-a4-arezzo-i\/","title":{"rendered":"Tagungsmappe A4 AREZZO I"},"content":{"rendered":"<h1>Tagungsmappe A4 AREZZO I <\/h1>\n<p>Ringmechanik, Multi-Funktionstasche, Kredit-\u2009\/\u2009Visitenkartenfach mit Verschlu\u00dflasche, vier Stiftschlaufen, Rei\u00dfverschlussfach, A4 Einschubfach, Tragegriff, A4 Einschubfach au\u00dfen.<br \/>\nDie Tagungsmappe A4 Arezzo in Schwarz von Alassio ist ein elegantes und hochwertiges Organisationstool f\u00fcr Konferenzen, Meetings oder andere gesch\u00e4ftliche Anl\u00e4sse. Sie ist in der Gr\u00f6\u00dfe A4 gehalten, was gen\u00fcgend Platz f\u00fcr DIN A4-Dokumente bietet und somit ideal f\u00fcr das Aufbewahren von Notizen, Pr\u00e4sentationen oder anderen wichtigen Unterlagen ist.<br \/>\nDie Mappe ist aus hochwertigem Leder gefertigt, das eine ansprechende Optik und eine angenehme Haptik bietet. Das schwarze Design verleiht der Mappe eine professionelle und edle Ausstrahlung, die zu jedem gesch\u00e4ftlichen Anlass passt.<br \/>\nDie Tagungsmappe ist mit einem robusten Rei\u00dfverschluss ausgestattet, der die Unterlagen sicher und gesch\u00fctzt h\u00e4lt. Im Inneren der Mappe befinden sich verschiedene F\u00e4cher und Einsch\u00fcbe, die eine optimale Organisation von Stiften, Visitenkarten, Dokumenten und einem Schreibblock erm\u00f6glichen. Es gibt auch ein transparentes Fach f\u00fcr Ausweise oder Namensschilder, um eine einfache Identifikation w\u00e4hrend der Tagung zu erm\u00f6glichen.<br \/>\nDie Alassio Tagungsmappe A4 Arezzo bietet zudem ein praktisches Schreibblockfach, das mit einem A4-Schreibblock ausgestattet ist, um Notizen direkt vor Ort machen zu k\u00f6nnen. Der Schreibblock kann bei Bedarf leicht ausgetauscht werden, um die Mappe immer auf dem neuesten Stand zu halten.<br \/>\nDiese Tagungsmappe ist sowohl funktional als auch stilvoll und eignet sich ideal f\u00fcr Gesch\u00e4ftsleute, die auf der Suche nach einem professionellen und hochwertigen Organisationsmittel f\u00fcr Konferenzen und Meetings sind.<\/p>\n","protected":false},"excerpt":{"rendered":"<ul>\n<li>Hochwertiges Leder in klassischem Schwarz mit Tragegriff<\/li>\n<li>Ringmechanik &#038; A4-Einschubf\u00e4cher innen und au\u00dfen<\/li>\n<li>Multifunktionstasche &#038; Kartenfach mit Verschlusslasche<\/li>\n<li>Vier Stiftschlaufen &#038; Rei\u00dfverschlussfach f\u00fcr Zubeh\u00f6r<\/li>\n<\/ul>\n","protected":false},"featured_media":7503,"template":"","meta":{"inline_featured_image":false},"product_brand":[],"product_cat":[1651],"product_tag":[],"class_list":{"0":"post-27528","1":"product","2":"type-product","3":"status-publish","4":"has-post-thumbnail","6":"product_cat-alassio","8":"first","9":"instock","10":"purchasable","11":"product-type-simple"},"_links":{"self":[{"href":"https:\/\/www.juescha.de\/de_de\/wp-json\/wp\/v2\/product\/27528","targetHints":{"allow":["GET"]}}],"collection":[{"href":"https:\/\/www.juescha.de\/de_de\/wp-json\/wp\/v2\/product"}],"about":[{"href":"https:\/\/www.juescha.de\/de_de\/wp-json\/wp\/v2\/types\/product"}],"version-history":[{"count":0,"href":"https:\/\/www.juescha.de\/de_de\/wp-json\/wp\/v2\/product\/27528\/revisions"}],"wp:featuredmedia":[{"embeddable":true,"href":"https:\/\/www.juescha.de\/de_de\/wp-json\/wp\/v2\/media\/7503"}],"wp:attachment":[{"href":"https:\/\/www.juescha.de\/de_de\/wp-json\/wp\/v2\/media?parent=27528"}],"wp:term":[{"taxonomy":"product_brand","embeddable":true,"href":"https:\/\/www.juescha.de\/de_de\/wp-json\/wp\/v2\/product_brand?post=27528"},{"taxonomy":"product_cat","embeddable":true,"href":"https:\/\/www.juescha.de\/de_de\/wp-json\/wp\/v2\/product_cat?post=27528"},{"taxonomy":"product_tag","embeddable":true,"href":"https:\/\/www.juescha.de\/de_de\/wp-json\/wp\/v2\/product_tag?post=27528"}],"curies":[{"name":"wp","href":"https:\/\/api.w.org\/{rel}","templated":true}]}}